{"id":139,"date":"2020-03-05T11:33:53","date_gmt":"2020-03-05T11:33:53","guid":{"rendered":"https:\/\/sommerfeldkosmetik.de\/?page_id=139"},"modified":"2020-03-25T11:34:12","modified_gmt":"2020-03-25T11:34:12","slug":"soziales-engagement","status":"publish","type":"page","link":"https:\/\/sommerfeldkosmetik.de\/?page_id=139","title":{"rendered":"Soziales Engagement"},"content":{"rendered":"<p>Ich engagiere mich seit 2011 ehrenamtlich in der Tagespflege<br \/>\ndes <a href=\"https:\/\/humanistisch.de\" target=\"_blank\" rel=\"noopener noreferrer\">Humanistischen Verbandes Deutschlands<\/a> (in Lichtenberg).<\/p>\n<p>Weiterhin unterst\u00fctze ich die <a href=\"http:\/\/www.ff-5460.de\" target=\"_blank\" rel=\"noopener noreferrer\">Freiwillige Feuerwehr Rauchfangswerder<\/a>,<br \/>\narbeite seit \u00fcber 20 Jahren aktiv im HIV-Projekt<br \/>\nder <a href=\"http:\/\/www.evkirche-schmoeckwitz.de\/index.htm\" target=\"_blank\" rel=\"noopener noreferrer\">evangelischen Kirchengemeinde Schm\u00f6ckwitz<\/a><br \/>\nund pflege eine Patenschaft mit einem Kind in der<br \/>\n<a href=\"http:\/\/www.melkam-edil.de\" target=\"_blank\" rel=\"noopener noreferrer\">Schule der deutschen Gemeinde in Addis Abeba<\/a>.<\/p>\n","protected":false},"excerpt":{"rendered":"<p>Ich engagiere mich seit 2011 ehrenamtlich in der Tagespflege des Humanistischen Verbandes Deutschlands (in Lichtenberg). Weiterhin unterst\u00fctze ich die Freiwillige Feuerwehr Rauchfangswerder, arbeite seit \u00fcber 20 Jahren aktiv im HIV-Projekt der evangelischen Kirchengemeinde Schm\u00f6ckwitz und &hellip; <a href=\"https:\/\/sommerfeldkosmetik.de\/?page_id=139\">Weiterlesen<\/a><\/p>\n","protected":false},"author":1,"featured_media":0,"parent":0,"menu_order":5,"comment_status":"closed","ping_status":"closed","template":"","meta":[],"_links":{"self":[{"href":"https:\/\/sommerfeldkosmetik.de\/index.php?rest_route=\/wp\/v2\/pages\/139"}],"collection":[{"href":"https:\/\/sommerfeldkosmetik.de\/index.php?rest_route=\/wp\/v2\/pages"}],"about":[{"href":"https:\/\/sommerfeldkosmetik.de\/index.php?rest_route=\/wp\/v2\/types\/page"}],"author":[{"embeddable":true,"href":"https:\/\/sommerfeldkosmetik.de\/index.php?rest_route=\/wp\/v2\/users\/1"}],"replies":[{"embeddable":true,"href":"https:\/\/sommerfeldkosmetik.de\/index.php?rest_route=%2Fwp%2Fv2%2Fcomments&post=139"}],"version-history":[{"count":7,"href":"https:\/\/sommerfeldkosmetik.de\/index.php?rest_route=\/wp\/v2\/pages\/139\/revisions"}],"predecessor-version":[{"id":374,"href":"https:\/\/sommerfeldkosmetik.de\/index.php?rest_route=\/wp\/v2\/pages\/139\/revisions\/374"}],"wp:attachment":[{"href":"https:\/\/sommerfeldkosmetik.de\/index.php?rest_route=%2Fwp%2Fv2%2Fmedia&parent=139"}],"curies":[{"name":"wp","href":"https:\/\/api.w.org\/{rel}","templated":true}]}}